{"version":"1.0","provider_name":"Wired","provider_url":"https:\/\/www.wiredcpa.com\/fr\/","author_name":"admin","author_url":"https:\/\/www.wiredcpa.com\/fr\/author\/admin\/","title":"Cotisations sociales des ind\u00e9pendants : une r\u00e9gularisation en 2026 ! - Wired","type":"rich","width":600,"height":338,"html":"<blockquote class=\"wp-embedded-content\" data-secret=\"bFfeHZEycs\"><a href=\"https:\/\/www.wiredcpa.com\/fr\/cotisations-sociales-des-independants-une-regularisation-en-2026\/\">Cotisations sociales des ind\u00e9pendants : une r\u00e9gularisation en 2026 !<\/a><\/blockquote><iframe sandbox=\"allow-scripts\" security=\"restricted\" src=\"https:\/\/www.wiredcpa.com\/fr\/cotisations-sociales-des-independants-une-regularisation-en-2026\/embed\/#?secret=bFfeHZEycs\" width=\"600\" height=\"338\" title=\"\u00ab\u00a0Cotisations sociales des ind\u00e9pendants : une r\u00e9gularisation en 2026 !\u00a0\u00bb &#8212; Wired\" data-secret=\"bFfeHZEycs\" frameborder=\"0\" marginwidth=\"0\" marginheight=\"0\" scrolling=\"no\" class=\"wp-embedded-content\"><\/iframe><script type=\"text\/javascript\">\n\/*! This file is auto-generated *\/\n!function(d,l){\"use strict\";var e=!1,o=!1;if(l.querySelector)if(d.addEventListener)e=!0;if(d.wp=d.wp||{},!d.wp.receiveEmbedMessage)if(d.wp.receiveEmbedMessage=function(e){var t=e.data;if(t)if(t.secret||t.message||t.value)if(!\/[^a-zA-Z0-9]\/.test(t.secret)){for(var r,a,i,s=l.querySelectorAll('iframe[data-secret=\"'+t.secret+'\"]'),n=l.querySelectorAll('blockquote[data-secret=\"'+t.secret+'\"]'),o=new RegExp(\"^https?:$\",\"i\"),c=0;c<n.length;c++)n[c].style.display=\"none\";for(c=0;c<s.length;c++)if(r=s[c],e.source===r.contentWindow){if(r.removeAttribute(\"style\"),\"height\"===t.message){if(1e3<(i=parseInt(t.value,10)))i=1e3;else if(~~i<200)i=200;r.height=i}if(\"link\"===t.message)if(a=l.createElement(\"a\"),i=l.createElement(\"a\"),a.href=r.getAttribute(\"src\"),i.href=t.value,o.test(i.protocol))if(i.host===a.host)if(l.activeElement===r)d.top.location.href=t.value}}},e)d.addEventListener(\"message\",d.wp.receiveEmbedMessage,!1),l.addEventListener(\"DOMContentLoaded\",t,!1),d.addEventListener(\"load\",t,!1);function t(){if(!o){o=!0;for(var e,t,r,a=-1!==navigator.appVersion.indexOf(\"MSIE 10\"),i=!!navigator.userAgent.match(\/Trident.*rv:11\\.\/),s=l.querySelectorAll(\"iframe.wp-embedded-content\"),n=0;n<s.length;n++){if(!(r=(t=s[n]).getAttribute(\"data-secret\")))r=Math.random().toString(36).substr(2,10),t.src+=\"#?secret=\"+r,t.setAttribute(\"data-secret\",r);if(a||i)(e=t.cloneNode(!0)).removeAttribute(\"security\"),t.parentNode.replaceChild(e,t);t.contentWindow.postMessage({message:\"ready\",secret:r},\"*\")}}}}(window,document);\n<\/script>\n","description":"Dans un souci de simplification, les pouvoirs publics ont r\u00e9form\u00e9 l\u2019assiette servant au calcul des cotisations sociales personnelles des travailleurs ind\u00e9pendants. &nbsp; Parall\u00e8lement, les taux des cotisations sociales dont ils sont redevables ont \u00e9t\u00e9 ajust\u00e9s afin que cette r\u00e9forme soit neutre financi\u00e8rement. &nbsp; Une seule assiette de cotisations D\u00e9sormais, une seule et m\u00eame assiette permet de calculer l\u2019ensemble des cotisations et contributions sociales personnelles des travailleurs ind\u00e9pendants. Elle correspond \u00e0 leur revenu professionnel, \u00e0 savoir leur chiffre d\u2019affaires d\u00e9duction faite de leurs charges professionnelles (hors cotisations et contributions sociales). &nbsp; \u00c0 noter\u00a0:\u00a0pour les travailleurs ind\u00e9pendants exer\u00e7ant dans une structure assujettie \u00e0 l\u2019imp\u00f4t sur les soci\u00e9t\u00e9s, le revenu professionnel est constitu\u00e9 des sommes et avantages, en nature ou en argent, per\u00e7ues pour l\u2019exercice de leurs fonctions ainsi qu\u2019\u00e0 une part de leurs dividendes. &nbsp; Sur ce revenu professionnel est ensuite appliqu\u00e9 un abattement de 26\u00a0% (qui ne peut \u00eatre inf\u00e9rieur \u00e0 1,76\u00a0% du plafond annuel de la S\u00e9curit\u00e9 sociale ni sup\u00e9rieur \u00e0 130\u00a0% de ce plafond) pour obtenir la base de calcul des cotisations sociales des travailleurs ind\u00e9pendants. &nbsp; Des taux de cotisation ajust\u00e9s Afin de neutraliser tout impact \u00e9conomique de cette r\u00e9forme sur les travailleurs ind\u00e9pendants, les taux des cotisations [&hellip;]","thumbnail_url":"https:\/\/www.wiredcpa.com\/wp-content\/uploads\/2020\/12\/wired-compta-musique.png","thumbnail_width":2363,"thumbnail_height":708}